{"id":108,"date":"2011-11-22T20:12:21","date_gmt":"2011-11-22T20:12:21","guid":{"rendered":"http:\/\/ateljeorsta.se\/?page_id=108"},"modified":"2026-03-24T15:52:20","modified_gmt":"2026-03-24T15:52:20","slug":"kommande-utstallningar","status":"publish","type":"page","link":"https:\/\/ateljeorsta.se\/?page_id=108","title":{"rendered":"Aktuellt"},"content":{"rendered":"\n<p>                       <strong>Carin Hedlunds utst\u00e4llningar 2026<\/strong><\/p>\n\n\n\n<ul>\n<li><strong><a href=\"https:\/\/www.nordingrakonstrunda.se\/\">Nordingr\u00e5 Konstrunda<\/a> <\/strong> 22- 24 maj<\/li>\n\n\n\n<li><strong>Atelj\u00e9 Orsta sommarutst\u00e4llningar <\/strong>4 juli &#8211; 7 augusti, Nordingr\u00e5<\/li>\n\n\n\n<li><strong> <\/strong><\/li>\n<\/ul>\n\n\n\n<h2>Utst\u00e4llningar i Atelj\u00e9 Orsta sommaren 2026<\/h2>\n\n\n\n<h2><\/h2>\n\n\n\n<figure class=\"wp-block-table\"><table><tbody><tr><td><\/td><td><strong>22 &#8211; 24 maj<\/strong><\/td><td>  <strong>Nordingr\u00e5 Konstrunda<\/strong> <br><a href=\"http:\/\/media.ateljeorsta.se\/2011\/11\/18358773_10154869271222670_3249689763673711107_o.jpg\"><img decoding=\"async\" loading=\"lazy\" width=\"150\" height=\"150\" src=\"http:\/\/media.ateljeorsta.se\/2011\/11\/18358773_10154869271222670_3249689763673711107_o-150x150.jpg\" alt=\"\"><\/a><strong>&nbsp;<\/strong><\/td><\/tr><tr><td><\/td><td><strong>22 \u2013 24 maj                                                                  <\/strong><strong>\u00a0<\/strong><\/td><td>VEBON:<strong><a href=\"https:\/\/www.facebook.com\/mariasgalleri\"> Maria Tj\u00e4rnstr\u00f6m<\/a><\/strong>, Kungsg\u00e5rden. Tavlor i akvarell, blandteknik. Brickor. Keramik.  <br>LOFTET: <strong><a href=\"http:\/\/www.birgittanordinart.com\">Birgitta Nordin<\/a><\/strong>,\u00a0H\u00e4rn\u00f6sand.\u00a0Tavlor i akvarell, akryl, grafik. Sjalar. Kuddar <br>KAMMARN:<strong> <a href=\"https:\/\/www.instagram.com\/emmtai\">Emma Tainio<\/a><\/strong>. Bollstabruk. Tavlor i akryl. Skulptering i smide och keramik. <br>STALLET: <strong><a href=\"http:\/\/Carin Hedlund\">Carin Hedlund<\/a><\/strong>, T\u00e4fte\u00e5\/Orsta. Tavlor i akvarell.  Glasunderl\u00e4gg\u00a0<br>\u00a0\u00a0\u00a0 \u00a0<\/td><\/tr><tr><td><\/td><td><strong>4\/7 \u2013 7\/8                              <\/strong><\/td><td><strong> Sommarveckorna 4 juli &#8211; 7 augusti.<\/strong><br><strong>Vernissage varje l\u00f6rdag kl. 12.00 -17.00<\/strong> <br><strong>\u00d6ppet alla dagar 12.00 -17.00<\/strong><br><a href=\"http:\/\/media.ateljeorsta.se\/2011\/11\/Entre-Vebon-och-Stallet.jpg\"><img decoding=\"async\" loading=\"lazy\" width=\"150\" height=\"150\" src=\"http:\/\/media.ateljeorsta.se\/2011\/11\/Entre-Vebon-och-Stallet-150x150.jpg\" alt=\"\"><\/a><strong>\u00a0<\/strong><\/td><\/tr><tr><td><\/td><td><strong>4  &#8211; 10 juli<\/strong><\/td><td>STALLET:<a href=\"https:\/\/www.facebook.com\/rola.hamza2\"> <strong>Rola Hamza<\/strong><\/a>, Bj\u00e4rtr\u00e5. Tavlor i akryl. Ljus. Smycken<br>VEBON:<a href=\"https:\/\/www.instagram.com\/malikeramik\/\"> <\/a><strong><a href=\"https:\/\/www.instagram.com\/erosentiger\/?__d=1%2F\" data-type=\"URL\" data-id=\"https:\/\/www.instagram.com\/erosentiger\/?__d=1%2F\">Eva Ros\u00e9n-Tiger,<\/a> <\/strong>Ume\u00e5. Konst i Glasfusing<br><br>LOFTET : <strong><a href=\"https:\/\/ateljeorsta.se\/?page_id=125\">Carin Hedlund<\/a><\/strong>, T\u00e4fte\u00e5\/Orsta. Tavlor i akvarell,  Glasunderl\u00e4gg .<em> Ej tisdagar <\/em>\u00a0<br>KAMMARN:<strong> Thage Nordholm<\/strong>, Nordingr\u00e5. Tavlor, vykort <em>Ej tisdagar <\/em>\u00a0<br><\/td><\/tr><tr><td><\/td><td><strong>11 &#8211; 17 juli<\/strong> <br><\/td><td>STALLET: <a href=\"https:\/\/www.lailakart.se\" data-type=\"URL\" data-id=\"https:\/\/www.lailakart.se\"><strong>Laila<\/strong> <strong>Koukkari<\/strong>,<\/a> Ume\u00e5. Tavlor i akryl, resin, mixmedia, motiv p\u00e5 pl\u00e5t. Skulpturer<br>VEBON:<strong><a href=\"https:\/\/www.konst.se\/jeanetteg\"> <\/a><a href=\"https:\/\/www.instagram.com\/lenawallins\/\" data-type=\"URL\" data-id=\"https:\/\/www.instagram.com\/lenawallins\/\">Lena Wallin<\/a>.<\/strong> Kramfors.<strong> <\/strong>Tavlor i akvarell. <br> <br>LOFTET : <strong><a href=\"https:\/\/ateljeorsta.se\/?page_id=125\">Carin Hedlund<\/a><\/strong>, T\u00e4fte\u00e5\/Orsta. Tavlor i akvarell.  Glasunderl\u00e4gg .<em> Ej tisdagar <\/em>\u00a0<br>KAMMARN: <strong>Thage Nordholm<\/strong>, Nordingr\u00e5. Tavlor, vykort. <em>Ej tisdagar <\/em>\u00a0<br><\/td><\/tr><tr><td><\/td><td><strong>18 \u2013 24 juli<\/strong><\/td><td>STALLET: <a href=\"https:\/\/www.petralundstrom.com\/\"><strong>Petra Lundstr\u00f6m<\/strong><\/a>,\u00a0H\u00e4rn\u00f6sand. Tavlor i akryl, collage, bladguld<br>STALLET:<strong><a href=\"https:\/\/www.konst.se\/jeanetteg\"> Jeanette Gunnarsson<\/a>, <\/strong>\u00c4landsbro.<strong> <\/strong>Tavlor i akryl, intuitivt m\u00e5leri.<br>VEBON: : <strong><a href=\"https:\/\/trasmattan.blogspot.com\/\">Kristina W\u00e5lsten<\/a><\/strong>, H\u00e4rn\u00f6sand. V\u00e4vda mattor f\u00f6r golv, v\u00e4gg och bord. <br><br>LOFTET : <strong><a href=\"https:\/\/ateljeorsta.se\/?page_id=125\">Carin Hedlund<\/a><\/strong>, T\u00e4fte\u00e5\/Orsta. Tavlor i akvarell.  Glasunderl\u00e4gg .<em> Ej tisdagar <\/em>\u00a0<br>KAMMARN: <strong>Thage Nordholm<\/strong>, Nordingr\u00e5. Tavlor, vykort. <em>Ej tisdagar <\/em>\u00a0<br><\/td><\/tr><tr><td><\/td><td><strong><strong>25<\/strong> \u2013 31 juli<\/strong><br><br><\/td><td>STALLET: <strong><a href=\"https:\/\/fotografer.n.nu\/anders-dahlin\" data-type=\"URL\" data-id=\"https:\/\/fotografer.n.nu\/anders-dahlin\">Anders Dahlin<\/a><\/strong>, Ull\u00e5nger. Naturfoto, Nordisk Natur.<br>VEBON: <a href=\"https:\/\/www.konstkvarteret.se\/\"><strong>Lena Frykholm<\/strong><\/a><strong>,<\/strong>\u00a0Ume\u00e5. Tavlor i olja<br>VEBON:\u00a0<a href=\"https:\/\/www.instagram.com\/malikeramik\/\"><strong>Maggan Lindblom<\/strong>,<\/a>\u00a0Ume\u00e5. Bruksf\u00f6rem\u00e5l och skulpturer i stengods<br><br>LOFTET : <strong><a href=\"https:\/\/ateljeorsta.se\/?page_id=125\">Carin Hedlund<\/a><\/strong>, T\u00e4fte\u00e5\/Orsta. Tavlor i akvarell.  Glasunderl\u00e4gg .<em> Ej tisdagar <\/em>\u00a0<br>KAMMARN: <strong>Thage Nordholm<\/strong>, Nordingr\u00e5. Tavlor, vykort. <em>Ej tisdagar <\/em>\u00a0<br>\u00a0<\/td><\/tr><tr><td><\/td><td><strong>1  \u2013 7 aug.<\/strong><\/td><td>STALLET: <a href=\"https:\/\/www.konst.se\/birgittaa\" data-type=\"URL\" data-id=\"https:\/\/www.konst.se\/birgittaa\"><strong>Birgitta \u00c5str\u00f6m<\/strong>,<\/a> Byske. Tavlor i akvarell, olja. <br>VEBON: <a href=\"https:\/\/www.konst.se\/sari-annelie\" data-type=\"URL\" data-id=\"https:\/\/www.konst.se\/sari-annelie\"><strong>Sari Anneli Larsson<\/strong>,<\/a>\u00a0Ume\u00e5. Tavlor i akryl, blandteknik.<br><br>LOFTET :\u00a0<strong><a href=\"https:\/\/ateljeorsta.se\/?page_id=125\">Carin Hedlund<\/a><\/strong>, T\u00e4fte\u00e5\/Orsta. Tavlor i akvarell.  Glasunderl\u00e4gg .<em>\u00a0Ej tisdagar\u00a0<\/em>\u00a0<br>KAMMARN:\u00a0<strong>Thage Nordholm<\/strong>, Nordingr\u00e5. Tavlor, vykort <em>Ej tisdagar\u00a0<\/em><br><\/td><\/tr><tr><td><\/td><td><\/td><td><em>&nbsp;<\/em>&nbsp;<\/td><\/tr><\/tbody><\/table><\/figure>\n\n\n\n<p><\/p>\n\n\n<div>\n<div class=\"_2cuy _3dgx _2vxa\">\n<div class=\"_2cuy _3dgx _2vxa\">\n<p dir=\"auto\">V\u00c4LKOMMEN!<\/p>\n<\/div>\n<\/div>\n<div class=\"_2cuy _3dgx _2vxa\">\n<div class=\"_2cuy _3dgx _2vxa\">\n<div class=\"kvgmc6g5 cxmmr5t8 oygrvhab hcukyx3x c1et5uql ii04i59q\">\n<div class=\"cxmmr5t8 oygrvhab hcukyx3x c1et5uql o9v6fnle ii04i59q\">\n<div dir=\"auto\"><em>Adress: Orsta 132, 873 98 Nordingr\u00e5<\/em><\/div>\n<div dir=\"auto\"><em>mobil: 070-3904093<\/em><\/div>\n<\/div>\n<\/div>\n<\/div>\n<\/div>\n<\/div>\n<div data-offset-key=\"a2lk-0-0\">\n<div class=\"kvgmc6g5 cxmmr5t8 oygrvhab hcukyx3x c1et5uql ii04i59q\">&nbsp;<\/div>\n<div class=\"o9v6fnle cxmmr5t8 oygrvhab hcukyx3x c1et5uql ii04i59q\">\n<div dir=\"auto\">&nbsp;<\/div>\n<\/div>\n<\/div>\n<div data-offset-key=\"a2lk-0-0\">&nbsp;<\/div>\n<div class=\"\" data-block=\"true\" data-editor=\"8f72b\" data-offset-key=\"a2lk-0-0\">\n<div class=\"_2cuy _3dgx _2vxa\">&nbsp;<\/div>\n<div>&nbsp;<\/div>\n<p>&nbsp;<\/p>\n<p>&nbsp;<\/p>\n<\/div>\n<div data-offset-key=\"a2lk-0-0\">&nbsp;<\/div>\n\n\n<p><\/p>\n","protected":false},"excerpt":{"rendered":"<p>Carin Hedlunds utst\u00e4llningar 2026 Utst\u00e4llningar i Atelj\u00e9 Orsta sommaren 2026 22 &#8211; 24 maj Nordingr\u00e5 Konstrunda &nbsp; 22 \u2013 24 maj \u00a0 VEBON: Maria Tj\u00e4rnstr\u00f6m, Kungsg\u00e5rden. Tavlor i akvarell, blandteknik. Brickor. Keramik. LOFTET: Birgitta Nordin,\u00a0H\u00e4rn\u00f6sand.\u00a0Tavlor i akvarell, akryl, grafik. Sjalar. &hellip; <a href=\"https:\/\/ateljeorsta.se\/?page_id=108\">L\u00e4s mer <span class=\"meta-nav\">&rarr;<\/span><\/a><\/p>\n","protected":false},"author":1,"featured_media":1570,"parent":0,"menu_order":0,"comment_status":"closed","ping_status":"open","template":"","meta":{"ngg_post_thumbnail":0},"_links":{"self":[{"href":"https:\/\/ateljeorsta.se\/index.php?rest_route=\/wp\/v2\/pages\/108"}],"collection":[{"href":"https:\/\/ateljeorsta.se\/index.php?rest_route=\/wp\/v2\/pages"}],"about":[{"href":"https:\/\/ateljeorsta.se\/index.php?rest_route=\/wp\/v2\/types\/page"}],"author":[{"embeddable":true,"href":"https:\/\/ateljeorsta.se\/index.php?rest_route=\/wp\/v2\/users\/1"}],"replies":[{"embeddable":true,"href":"https:\/\/ateljeorsta.se\/index.php?rest_route=%2Fwp%2Fv2%2Fcomments&post=108"}],"version-history":[{"count":900,"href":"https:\/\/ateljeorsta.se\/index.php?rest_route=\/wp\/v2\/pages\/108\/revisions"}],"predecessor-version":[{"id":4655,"href":"https:\/\/ateljeorsta.se\/index.php?rest_route=\/wp\/v2\/pages\/108\/revisions\/4655"}],"wp:featuredmedia":[{"embeddable":true,"href":"https:\/\/ateljeorsta.se\/index.php?rest_route=\/wp\/v2\/media\/1570"}],"wp:attachment":[{"href":"https:\/\/ateljeorsta.se\/index.php?rest_route=%2Fwp%2Fv2%2Fmedia&parent=108"}],"curies":[{"name":"wp","href":"https:\/\/api.w.org\/{rel}","templated":true}]}}